{"id":4559,"date":"2023-01-23T07:41:21","date_gmt":"2023-01-23T07:41:21","guid":{"rendered":"http:\/\/carneval-club-boeckels.de\/?page_id=4559"},"modified":"2024-11-18T07:19:32","modified_gmt":"2024-11-18T07:19:32","slug":"der-ccb-in-den-medien","status":"publish","type":"page","link":"https:\/\/carneval-club-boeckels.de\/index.php\/der-ccb-in-den-medien\/","title":{"rendered":"Der CCB in den Medien"},"content":{"rendered":"<p style=\"text-align: center;\"><span style=\"color: #ff0000;\"><strong><span style=\"font-size: 24pt; font-family: 'Comic Sans MS', sans-serif;\">Der CCB in den Medien<\/span><\/strong><\/span><\/p>\n<p style=\"text-align: center;\"><strong><span style=\"font-family: 'Comic Sans MS', sans-serif; font-size: 24pt; color: #ff0000;\">2024<\/span><\/strong><\/p>\n<p style=\"text-align: center;\"><strong><span style=\"font-family: 'Comic Sans MS', sans-serif; font-size: 24pt; color: #ff0000;\">2023<\/span><\/strong><\/p>\n<pre><a href=\"https:\/\/www.osthessen-fasching.de\/detailansicht\/news\/2023\/november\/prinz-jan-und-prinzessin-mara-regieren-beim-carneval-club-boeckels.html\" target=\"_blank\" rel=\"noopener\"><strong><span style=\"font-family: 'Comic Sans MS', sans-serif; font-size: 10pt; color: #ff0000;\">Osthessen-Fasching 12.01.2023<\/span><\/strong><\/a> \r\n<strong><span style=\"font-family: 'Comic Sans MS', sans-serif; font-size: 10pt; color: #ff0000;\">- Kampagnener\u00f6ffnung -<\/span><\/strong><\/pre>\n<pre><a href=\"https:\/\/osthessen-news.de\/naerrisch\/n11741635\/narren-ausser-rand-und-band-rekord-romo-fulda-und-die-1-marschsaule.html\" target=\"_blank\" rel=\"noopener\"><strong><span style=\"font-family: 'Comic Sans MS', sans-serif; font-size: 10pt; color: #ff0000;\">Osthessen-News 20.02.2023<\/span><\/strong><\/a>\r\n<strong><span style=\"font-family: 'Comic Sans MS', sans-serif; font-size: 10pt; color: #ff0000;\">- Romo Fulda -<\/span><\/strong><\/pre>\n<pre><a href=\"https:\/\/www.osthessen-fasching.de\/detailansicht\/news\/2023\/februar\/bildergalerie-2-von-der-boeckelser-weiberfastnacht.html\" target=\"_blank\" rel=\"noopener\"><strong><span style=\"font-family: 'Comic Sans MS', sans-serif; font-size: 10pt; color: #ff0000;\">Osthessen-Fasching (2) 15.02.2023<\/span><\/strong><\/a>\r\n<strong><span style=\"font-family: 'Comic Sans MS', sans-serif; font-size: 10pt; color: #ff0000;\">- Weiberfastnacht -<\/span><\/strong><\/pre>\n<pre><a href=\"https:\/\/www.osthessen-fasching.de\/detailansicht\/news\/2023\/februar\/ausgelassene-party-bei-boeckelser-weiberfoaset-fotos-1.html\" target=\"_blank\" rel=\"noopener\"><span style=\"color: #ff0000; font-size: 10pt;\"><strong><span style=\"font-family: 'Comic Sans MS', sans-serif;\">Osthessen-Fasching (1) 15.02.2023<\/span><\/strong><\/span><\/a>\r\n<span style=\"color: #ff0000; font-size: 10pt;\"><strong><span style=\"font-family: 'Comic Sans MS', sans-serif;\">- Weiberfastbacht -<\/span><\/strong><\/span><\/pre>\n<pre><a href=\"https:\/\/osthessen-news.de\/naerrisch\/n11737712\/fruehschoppen-bei-den-bronnzeller-karnevalisten.html\" target=\"_blank\" rel=\"noopener\"><span style=\"color: #ff0000;\"><strong><span style=\"font-family: 'Comic Sans MS', sans-serif; font-size: 10pt;\">Osthessen-News 30.01.2023<\/span><\/strong><\/span><\/a>\r\n<span style=\"color: #ff0000;\"><strong><span style=\"font-family: 'Comic Sans MS', sans-serif; font-size: 10pt;\">- Fr\u00fchschoppen Bronzell -<\/span><\/strong><\/span><\/pre>\n<pre><a href=\"https:\/\/carneval-club-boeckels.de\/wp-content\/uploads\/2023\/01\/CCB-Amtsblatt-Petersberg-25.01.2023.pdf\" target=\"_blank\" rel=\"noopener\"><span style=\"color: #ff0000;\"><strong><span style=\"font-family: 'Comic Sans MS', sans-serif; font-size: 10pt;\">Amtsblatt Gemeinde Petersberg 25.01.2023<\/span><\/strong><\/span><\/a>\r\n<span style=\"color: #ff0000;\"><strong><span style=\"font-family: 'Comic Sans MS', sans-serif; font-size: 10pt;\">- H\u00e4ck M\u00e4ck + Prinzen- und Freundschaftstreffen -<\/span><\/strong><\/span><\/pre>\n<pre><a href=\"https:\/\/www.osthessen-fasching.de\/detailansicht\/news\/2023\/januar\/bildergalerie-2-vom-prinzen-und-freundschaftstreffen-des-cc-boeckels-4.html\" target=\"_blank\" rel=\"noopener\"><span style=\"color: #ff0000;\"><strong><span style=\"font-family: 'Comic Sans MS', sans-serif; font-size: 10pt;\">Osthessen-Fasching (2) 23.01.2023<\/span><\/strong><\/span><\/a>\r\n<span style=\"color: #ff0000;\"><strong><span style=\"font-family: 'Comic Sans MS', sans-serif; font-size: 10pt;\">- Prinzen- und Freundschaftstreffen -<\/span><\/strong><\/span><\/pre>\n<pre><a href=\"https:\/\/www.osthessen-fasching.de\/detailansicht\/news\/2023\/januar\/viel-los-beim-prinzen-und-freundschaftstreffen-der-boeckelser-narren.html\" target=\"_blank\" rel=\"noopener\"><span style=\"color: #ff0000;\"><strong><span style=\"font-family: 'Comic Sans MS', sans-serif; font-size: 10pt;\">Osthessen-Fasching (1) 23.01.2023<\/span><\/strong><\/span><\/a>\r\n<span style=\"color: #ff0000;\"><strong><span style=\"font-family: 'Comic Sans MS', sans-serif; font-size: 10pt;\">- Prinzen- und Freundschaftstreffen -<\/span><\/strong><\/span><\/pre>\n<pre><a href=\"https:\/\/osthessen-news.de\/naerrisch\/n11734968\/hack-mack-mit-gedoens-tanzen-bis-in-den-morgen.html\" target=\"_blank\" rel=\"noopener\"><span style=\"color: #ff0000;\"><strong><span style=\"font-family: 'Comic Sans MS', sans-serif; font-size: 10pt;\">Osthessen-News (2) 22.01.2023<\/span><\/strong><\/span><\/a>\r\n<span style=\"color: #ff0000;\"><strong><span style=\"font-family: 'Comic Sans MS', sans-serif; font-size: 10pt;\">- H\u00e4ck-M\u00e4ck mit Ged\u00f6ns -<\/span><\/strong><\/span><\/pre>\n<pre><a href=\"https:\/\/osthessen-news.de\/naerrisch\/n11734967\/high-5-hack-mack-mit-gedoens-ein-temporeicher-abend.html\" target=\"_blank\" rel=\"noopener\"><strong><span style=\"font-family: 'Comic Sans MS', sans-serif; font-size: 10pt; color: #ff0000;\">Osthessen-News (1)&nbsp; 22.01.2023<\/span><\/strong><\/a>\r\n<strong><span style=\"font-family: 'Comic Sans MS', sans-serif; font-size: 10pt; color: #ff0000;\">- H\u00e4ck-M\u00e4ck mit Ged\u00f6ns -<\/span><\/strong><\/pre>\n<pre><a href=\"https:\/\/www.osthessen-fasching.de\/detailansicht\/news\/2023\/januar\/piratenalarm-bei-der-kinderfastnacht-tolle-feier-in-boeckels-1.html\" target=\"_blank\" rel=\"noopener\"><strong><span style=\"font-family: 'Comic Sans MS', sans-serif; font-size: 10pt; color: #ff0000;\">Osthessen-Fasching 17.01.2023\r\n- Kinderfastnacht -<\/span><\/strong><\/a><\/pre>\n<pre><a href=\"https:\/\/osthessen-news.de\/naerrisch\/n11734849\/froehlicher-kinderkarneval-in-boeckels.html\" target=\"_blank\" rel=\"noopener\"><span style=\"color: #ff0000;\"><strong><span style=\"font-family: 'Comic Sans MS', sans-serif; font-size: 10pt;\">Osthessen-News 17.01.2023\r\n- Kinderfastnacht -<\/span><\/strong><\/span><\/a><\/pre>\n<pre><a href=\"https:\/\/carneval-club-boeckels.de\/wp-content\/uploads\/2023\/01\/Fuldaer-Zeitung-Fuldaer-Zeitung-Fr-13.01.2023-12.pdf\" target=\"_blank\" rel=\"noopener\"><span style=\"color: #ff0000;\"><strong><span style=\"font-family: 'Comic Sans MS', sans-serif; font-size: 10pt;\">Fuldaer Zeitung 13.01.2023\r\n<\/span><\/strong><\/span><strong><span style=\"font-family: 'Comic Sans MS', sans-serif; font-size: 10pt; color: #ff0000;\">- B\u00fctten Battle -<\/span><\/strong><\/a><\/pre>\n<pre><a href=\"https:\/\/www.wirliebenfulda.de\/blog\/buetten-battle\/\" target=\"_blank\" rel=\"noopener\"><span style=\"color: #ff0000;\"><strong><span style=\"font-family: 'Comic Sans MS', sans-serif; font-size: 10pt;\">Wir lieben Fulda 12.01.2023<\/span><\/strong><\/span><\/a>\r\n<span style=\"color: #ff0000;\"><strong><span style=\"font-family: 'Comic Sans MS', sans-serif; font-size: 10pt;\">- B\u00fctten Battle -<\/span><\/strong><\/span><\/pre>\n<pre><a href=\"https:\/\/osthessen-news.de\/naerrisch\/n11733912\/die-foaset-hat-ein-neues-highlight-redegewandtes-buetten-battle-im-kreuz.html\" target=\"_blank\" rel=\"noopener\"><span style=\"font-size: 10pt;\"><strong><span style=\"font-family: 'Comic Sans MS', sans-serif; color: #ff0000;\">Osthessen-Zeitung 12.01.2023\r\n- B\u00fctten Battle -<\/span><\/strong><\/span><\/a><\/pre>\n<p style=\"text-align: center;\"><span style=\"color: #ff0000;\"><strong><span style=\"font-family: 'Comic Sans MS', sans-serif; font-size: 24pt;\">2022<\/span><\/strong><\/span><\/p>\n<pre><span style=\"font-size: 10pt;\"><a href=\"https:\/\/osthessen-news.de\/n11727745\/der-carneval-club-boeckels-feiert-20-jahriges-jubilaum.html\" target=\"_blank\" rel=\"noopener\"><strong><span style=\"font-family: 'Comic Sans MS', sans-serif; color: #ff0000;\">Osthessen-News 13.12.2022\r\n- 20 Jahre CCB -<\/span><\/strong><\/a><\/span><\/pre>\n<pre><span style=\"font-size: 10pt;\"><a href=\"https:\/\/osthessen-news.de\/naerrisch\/n11720789\/prinzessin-bekki-rebekka-bech-xix-regiert-jetzt-den-ccb.html\" target=\"_blank\" rel=\"noopener\"><strong><span style=\"font-family: 'Comic Sans MS', sans-serif; color: #ff0000;\">Osthessen-News 12.11.2022\r\n- Kampagnener\u00f6ffnung -<\/span><\/strong><\/a><\/span><\/pre>\n<pre><span style=\"font-size: 10pt;\"><a href=\"https:\/\/www.osthessen-fasching.de\/detailansicht\/news\/2022\/november\/prinzessin-bekki-xix-fuehrt-boeckelser-narren-durch-die-kampagne-2.html\" target=\"_blank\" rel=\"noopener\"><strong><span style=\"font-family: 'Comic Sans MS', sans-serif; color: #ff0000;\">Osthessen-F<\/span><span style=\"font-family: 'Comic Sans MS', sans-serif; color: #ff0000;\">asching 11.11.2022\r\n- Kampagnener\u00f6ffnung -<\/span><\/strong><\/a><\/span><\/pre>\n","protected":false},"excerpt":{"rendered":"<p>Der CCB in den Medien 2024 2023 Osthessen-Fasching 12.01.2023 &#8211; Kampagnener\u00f6ffnung &#8211; Osthessen-News 20.02.2023 &#8211; Romo Fulda &#8211; Osthessen-Fasching (2) 15.02.2023 &#8211; Weiberfastnacht &#8211; Osthessen-Fasching (1) 15.02.2023 &#8211; Weiberfastbacht &#8211; Osthessen-News 30.01.2023 &#8211; Fr\u00fchschoppen Bronzell<\/p>\n","protected":false},"author":666667,"featured_media":0,"parent":0,"menu_order":0,"comment_status":"closed","ping_status":"closed","template":"","meta":{"ngg_post_thumbnail":0,"footnotes":""},"class_list":["post-4559","page","type-page","status-publish","hentry"],"_links":{"self":[{"href":"https:\/\/carneval-club-boeckels.de\/index.php\/wp-json\/wp\/v2\/pages\/4559","targetHints":{"allow":["GET"]}}],"collection":[{"href":"https:\/\/carneval-club-boeckels.de\/index.php\/wp-json\/wp\/v2\/pages"}],"about":[{"href":"https:\/\/carneval-club-boeckels.de\/index.php\/wp-json\/wp\/v2\/types\/page"}],"author":[{"embeddable":true,"href":"https:\/\/carneval-club-boeckels.de\/index.php\/wp-json\/wp\/v2\/users\/666667"}],"replies":[{"embeddable":true,"href":"https:\/\/carneval-club-boeckels.de\/index.php\/wp-json\/wp\/v2\/comments?post=4559"}],"version-history":[{"count":0,"href":"https:\/\/carneval-club-boeckels.de\/index.php\/wp-json\/wp\/v2\/pages\/4559\/revisions"}],"wp:attachment":[{"href":"https:\/\/carneval-club-boeckels.de\/index.php\/wp-json\/wp\/v2\/media?parent=4559"}],"curies":[{"name":"wp","href":"https:\/\/api.w.org\/{rel}","templated":true}]}}